{"id":960,"date":"2019-01-11T15:49:49","date_gmt":"2019-01-11T14:49:49","guid":{"rendered":"https:\/\/ravetto-associes.fr\/international\/allemagne\/"},"modified":"2019-05-28T16:30:08","modified_gmt":"2019-05-28T14:30:08","slug":"deutschland","status":"publish","type":"international","link":"https:\/\/ravetto-associes.fr\/de\/international\/deutschland\/","title":{"rendered":"Deutschland"},"content":{"rendered":"\r\n<p>Der deutsche Energiesektor geh\u00f6rt zu den wichtigsten der Welt. Franz\u00f6sische und deutsche Unternehmen spielen eine gro\u00dfe Rolle in der Energiewende. Verbundnetze, Importe und Exporte zwischen Frankreich und Deutschland, Projektentwicklung, Investitionen und Finanzierungen im Energiesektor sind Themen, die ein gutes Verst\u00e4ndnis der franz\u00f6sischen und deutschen Energiem\u00e4rkte und der Governance in deutsch-franz\u00f6sischen Konzernen erfordern.<\/p>\r\n<p>Die Kanzlei kann ihre deutschsprachigen Mandanten in deutscher Sprache beraten und verf\u00fcgt \u00fcber ein Netzwerk von Partnerkanzleien in Deutschland, der Schweiz und in \u00d6sterreich, die ihre Mandanten bei grenz\u00fcberschreitenden Transaktionen zur Seite stehen k\u00f6nnen. Ravetto Associ\u00e9s ist aktives Mitglied des deutsch-franz\u00f6sischen B\u00fcros f\u00fcr die Energiewende (DFBEW).<\/p>\r\n","protected":false},"featured_media":880,"menu_order":0,"template":"","acf":[],"yoast_head":"<!-- This site is optimized with the Yoast SEO plugin v22.9 - https:\/\/yoast.com\/wordpress\/plugins\/seo\/ -->\n<title>Deutschland - Ravetto Associ\u00e9s | Avocats \u00e0 la Cour<\/title>\n<meta name=\"description\" content=\"Les entreprises fran\u00e7aises et allemandes jouent un r\u00f4le majeur dans la transition \u00e9nerg\u00e9tique.\" \/>\n<meta name=\"robots\" content=\"index, follow, max-snippet:-1, max-image-preview:large, max-video-preview:-1\" \/>\n<link rel=\"canonical\" href=\"https:\/\/ravetto-associes.fr\/de\/international\/deutschland\/\" \/>\n<meta property=\"og:locale\" content=\"de_DE\" \/>\n<meta property=\"og:type\" content=\"article\" \/>\n<meta property=\"og:title\" content=\"Deutschland - Ravetto Associ\u00e9s | Avocats \u00e0 la Cour\" \/>\n<meta property=\"og:description\" content=\"Les entreprises fran\u00e7aises et allemandes jouent un r\u00f4le majeur dans la transition \u00e9nerg\u00e9tique.\" \/>\n<meta property=\"og:url\" content=\"https:\/\/ravetto-associes.fr\/de\/international\/deutschland\/\" \/>\n<meta property=\"og:site_name\" content=\"Ravetto Associ\u00e9s | Avocats \u00e0 la Cour\" \/>\n<meta property=\"article:modified_time\" content=\"2019-05-28T14:30:08+00:00\" \/>\n<meta property=\"og:image\" content=\"https:\/\/ravetto-associes.fr\/wp-content\/uploads\/2019\/01\/allemagne-international.jpg\" \/>\n\t<meta property=\"og:image:width\" content=\"473\" \/>\n\t<meta property=\"og:image:height\" content=\"820\" \/>\n\t<meta property=\"og:image:type\" content=\"image\/jpeg\" \/>\n<meta name=\"twitter:card\" content=\"summary_large_image\" \/>\n<meta name=\"twitter:label1\" content=\"Gesch\u00e4tzte Lesezeit\" \/>\n\t<meta name=\"twitter:data1\" content=\"1\u00a0Minute\" \/>\n<script type=\"application\/ld+json\" class=\"yoast-schema-graph\">{\"@context\":\"https:\/\/schema.org\",\"@graph\":[{\"@type\":\"WebPage\",\"@id\":\"https:\/\/ravetto-associes.fr\/de\/international\/deutschland\/\",\"url\":\"https:\/\/ravetto-associes.fr\/de\/international\/deutschland\/\",\"name\":\"Deutschland - Ravetto Associ\u00e9s | Avocats \u00e0 la Cour\",\"isPartOf\":{\"@id\":\"https:\/\/ravetto-associes.fr\/#website\"},\"primaryImageOfPage\":{\"@id\":\"https:\/\/ravetto-associes.fr\/de\/international\/deutschland\/#primaryimage\"},\"image\":{\"@id\":\"https:\/\/ravetto-associes.fr\/de\/international\/deutschland\/#primaryimage\"},\"thumbnailUrl\":\"https:\/\/ravetto-associes.fr\/wp-content\/uploads\/2019\/01\/allemagne-international.jpg\",\"datePublished\":\"2019-01-11T14:49:49+00:00\",\"dateModified\":\"2019-05-28T14:30:08+00:00\",\"description\":\"Les entreprises fran\u00e7aises et allemandes jouent un r\u00f4le majeur dans la transition \u00e9nerg\u00e9tique.\",\"breadcrumb\":{\"@id\":\"https:\/\/ravetto-associes.fr\/de\/international\/deutschland\/#breadcrumb\"},\"inLanguage\":\"de\",\"potentialAction\":[{\"@type\":\"ReadAction\",\"target\":[\"https:\/\/ravetto-associes.fr\/de\/international\/deutschland\/\"]}]},{\"@type\":\"ImageObject\",\"inLanguage\":\"de\",\"@id\":\"https:\/\/ravetto-associes.fr\/de\/international\/deutschland\/#primaryimage\",\"url\":\"https:\/\/ravetto-associes.fr\/wp-content\/uploads\/2019\/01\/allemagne-international.jpg\",\"contentUrl\":\"https:\/\/ravetto-associes.fr\/wp-content\/uploads\/2019\/01\/allemagne-international.jpg\",\"width\":473,\"height\":820},{\"@type\":\"BreadcrumbList\",\"@id\":\"https:\/\/ravetto-associes.fr\/de\/international\/deutschland\/#breadcrumb\",\"itemListElement\":[{\"@type\":\"ListItem\",\"position\":1,\"name\":\"Accueil\",\"item\":\"https:\/\/ravetto-associes.fr\/de\/accueil\/\"},{\"@type\":\"ListItem\",\"position\":2,\"name\":\"R\u00e9seau International\",\"item\":\"https:\/\/ravetto-associes.fr\/en\/international\/\"},{\"@type\":\"ListItem\",\"position\":3,\"name\":\"Deutschland\"}]},{\"@type\":\"WebSite\",\"@id\":\"https:\/\/ravetto-associes.fr\/#website\",\"url\":\"https:\/\/ravetto-associes.fr\/\",\"name\":\"Ravetto Associ\u00e9s | Avocats \u00e0 la Cour\",\"description\":\"\",\"publisher\":{\"@id\":\"https:\/\/ravetto-associes.fr\/#organization\"},\"potentialAction\":[{\"@type\":\"SearchAction\",\"target\":{\"@type\":\"EntryPoint\",\"urlTemplate\":\"https:\/\/ravetto-associes.fr\/?s={search_term_string}\"},\"query-input\":\"required name=search_term_string\"}],\"inLanguage\":\"de\"},{\"@type\":\"Organization\",\"@id\":\"https:\/\/ravetto-associes.fr\/#organization\",\"name\":\"Ravetto Associ\u00e9s\",\"url\":\"https:\/\/ravetto-associes.fr\/\",\"logo\":{\"@type\":\"ImageObject\",\"inLanguage\":\"de\",\"@id\":\"https:\/\/ravetto-associes.fr\/#\/schema\/logo\/image\/\",\"url\":\"https:\/\/ravetto-associes.fr\/wp-content\/uploads\/2019\/01\/logo-ravetto-associes@2x.png\",\"contentUrl\":\"https:\/\/ravetto-associes.fr\/wp-content\/uploads\/2019\/01\/logo-ravetto-associes@2x.png\",\"width\":981,\"height\":196,\"caption\":\"Ravetto Associ\u00e9s\"},\"image\":{\"@id\":\"https:\/\/ravetto-associes.fr\/#\/schema\/logo\/image\/\"}}]}<\/script>\n<!-- \/ Yoast SEO plugin. -->","yoast_head_json":{"title":"Deutschland - Ravetto Associ\u00e9s | Avocats \u00e0 la Cour","description":"Les entreprises fran\u00e7aises et allemandes jouent un r\u00f4le majeur dans la transition \u00e9nerg\u00e9tique.","robots":{"index":"index","follow":"follow","max-snippet":"max-snippet:-1","max-image-preview":"max-image-preview:large","max-video-preview":"max-video-preview:-1"},"canonical":"https:\/\/ravetto-associes.fr\/de\/international\/deutschland\/","og_locale":"de_DE","og_type":"article","og_title":"Deutschland - Ravetto Associ\u00e9s | Avocats \u00e0 la Cour","og_description":"Les entreprises fran\u00e7aises et allemandes jouent un r\u00f4le majeur dans la transition \u00e9nerg\u00e9tique.","og_url":"https:\/\/ravetto-associes.fr\/de\/international\/deutschland\/","og_site_name":"Ravetto Associ\u00e9s | Avocats \u00e0 la Cour","article_modified_time":"2019-05-28T14:30:08+00:00","og_image":[{"width":473,"height":820,"url":"https:\/\/ravetto-associes.fr\/wp-content\/uploads\/2019\/01\/allemagne-international.jpg","type":"image\/jpeg"}],"twitter_card":"summary_large_image","twitter_misc":{"Gesch\u00e4tzte Lesezeit":"1\u00a0Minute"},"schema":{"@context":"https:\/\/schema.org","@graph":[{"@type":"WebPage","@id":"https:\/\/ravetto-associes.fr\/de\/international\/deutschland\/","url":"https:\/\/ravetto-associes.fr\/de\/international\/deutschland\/","name":"Deutschland - Ravetto Associ\u00e9s | Avocats \u00e0 la Cour","isPartOf":{"@id":"https:\/\/ravetto-associes.fr\/#website"},"primaryImageOfPage":{"@id":"https:\/\/ravetto-associes.fr\/de\/international\/deutschland\/#primaryimage"},"image":{"@id":"https:\/\/ravetto-associes.fr\/de\/international\/deutschland\/#primaryimage"},"thumbnailUrl":"https:\/\/ravetto-associes.fr\/wp-content\/uploads\/2019\/01\/allemagne-international.jpg","datePublished":"2019-01-11T14:49:49+00:00","dateModified":"2019-05-28T14:30:08+00:00","description":"Les entreprises fran\u00e7aises et allemandes jouent un r\u00f4le majeur dans la transition \u00e9nerg\u00e9tique.","breadcrumb":{"@id":"https:\/\/ravetto-associes.fr\/de\/international\/deutschland\/#breadcrumb"},"inLanguage":"de","potentialAction":[{"@type":"ReadAction","target":["https:\/\/ravetto-associes.fr\/de\/international\/deutschland\/"]}]},{"@type":"ImageObject","inLanguage":"de","@id":"https:\/\/ravetto-associes.fr\/de\/international\/deutschland\/#primaryimage","url":"https:\/\/ravetto-associes.fr\/wp-content\/uploads\/2019\/01\/allemagne-international.jpg","contentUrl":"https:\/\/ravetto-associes.fr\/wp-content\/uploads\/2019\/01\/allemagne-international.jpg","width":473,"height":820},{"@type":"BreadcrumbList","@id":"https:\/\/ravetto-associes.fr\/de\/international\/deutschland\/#breadcrumb","itemListElement":[{"@type":"ListItem","position":1,"name":"Accueil","item":"https:\/\/ravetto-associes.fr\/de\/accueil\/"},{"@type":"ListItem","position":2,"name":"R\u00e9seau International","item":"https:\/\/ravetto-associes.fr\/en\/international\/"},{"@type":"ListItem","position":3,"name":"Deutschland"}]},{"@type":"WebSite","@id":"https:\/\/ravetto-associes.fr\/#website","url":"https:\/\/ravetto-associes.fr\/","name":"Ravetto Associ\u00e9s | Avocats \u00e0 la Cour","description":"","publisher":{"@id":"https:\/\/ravetto-associes.fr\/#organization"},"potentialAction":[{"@type":"SearchAction","target":{"@type":"EntryPoint","urlTemplate":"https:\/\/ravetto-associes.fr\/?s={search_term_string}"},"query-input":"required name=search_term_string"}],"inLanguage":"de"},{"@type":"Organization","@id":"https:\/\/ravetto-associes.fr\/#organization","name":"Ravetto Associ\u00e9s","url":"https:\/\/ravetto-associes.fr\/","logo":{"@type":"ImageObject","inLanguage":"de","@id":"https:\/\/ravetto-associes.fr\/#\/schema\/logo\/image\/","url":"https:\/\/ravetto-associes.fr\/wp-content\/uploads\/2019\/01\/logo-ravetto-associes@2x.png","contentUrl":"https:\/\/ravetto-associes.fr\/wp-content\/uploads\/2019\/01\/logo-ravetto-associes@2x.png","width":981,"height":196,"caption":"Ravetto Associ\u00e9s"},"image":{"@id":"https:\/\/ravetto-associes.fr\/#\/schema\/logo\/image\/"}}]}},"_links":{"self":[{"href":"https:\/\/ravetto-associes.fr\/de\/wp-json\/wp\/v2\/international\/960"}],"collection":[{"href":"https:\/\/ravetto-associes.fr\/de\/wp-json\/wp\/v2\/international"}],"about":[{"href":"https:\/\/ravetto-associes.fr\/de\/wp-json\/wp\/v2\/types\/international"}],"version-history":[{"count":4,"href":"https:\/\/ravetto-associes.fr\/de\/wp-json\/wp\/v2\/international\/960\/revisions"}],"predecessor-version":[{"id":1060,"href":"https:\/\/ravetto-associes.fr\/de\/wp-json\/wp\/v2\/international\/960\/revisions\/1060"}],"wp:featuredmedia":[{"embeddable":true,"href":"https:\/\/ravetto-associes.fr\/de\/wp-json\/wp\/v2\/media\/880"}],"wp:attachment":[{"href":"https:\/\/ravetto-associes.fr\/de\/wp-json\/wp\/v2\/media?parent=960"}],"curies":[{"name":"wp","href":"https:\/\/api.w.org\/{rel}","templated":true}]}}